{"id":1957,"date":"2022-12-08T14:27:34","date_gmt":"2022-12-08T13:27:34","guid":{"rendered":"http:\/\/parafiakrywald.pl\/?page_id=1957"},"modified":"2025-12-07T18:58:58","modified_gmt":"2025-12-07T17:58:58","slug":"koleda-2022-2023","status":"publish","type":"page","link":"https:\/\/parafiakrywald.pl\/?page_id=1957","title":{"rendered":"Kol\u0119da 2025\/2026"},"content":{"rendered":"\t\t<div data-elementor-type=\"wp-page\" data-elementor-id=\"1957\" class=\"elementor elementor-1957\">\n\t\t\t\t\t\t<section class=\"elementor-section elementor-top-section elementor-element elementor-element-60cbe55 elementor-section-boxed elementor-section-height-default elementor-section-height-default\" data-id=\"60cbe55\" data-element_type=\"section\">\n\t\t\t\t\t\t<div class=\"elementor-container elementor-column-gap-default\">\n\t\t\t\t\t<div class=\"elementor-column elementor-col-100 elementor-top-column elementor-element elementor-element-26c7fd9\" data-id=\"26c7fd9\" data-element_type=\"column\">\n\t\t\t<div class=\"elementor-widget-wrap elementor-element-populated\">\n\t\t\t\t\t\t<div class=\"elementor-element elementor-element-0d07b1a elementor-widget elementor-widget-text-editor\" data-id=\"0d07b1a\" data-element_type=\"widget\" data-widget_type=\"text-editor.default\">\n\t\t\t\t<div class=\"elementor-widget-container\">\n\t\t\t\t\t\t\t<p><\/p>\n<h2 style=\"text-align: center;\"><span style=\"color: #ffffff;\"><strong>W tym roku w okresie Narodzenia Pa\u0144skiego 2025\/2026 odb\u0119d\u0105 si\u0119 <br>odwiedziny kol\u0119dowe w tradycyjnej formie dla cz\u0119\u015bci naszej parafii.<br>Parafian, kt\u00f3rych w tym roku nie odwiedzimy serdecznie zapraszamy <br>na uroczyste Msze \u015awi\u0119te Kol\u0119dowe<\/strong><\/span><\/h2>\t\t\t\t\t\t<\/div>\n\t\t\t\t<\/div>\n\t\t\t\t\t<\/div>\n\t\t<\/div>\n\t\t\t\t\t<\/div>\n\t\t<\/section>\n\t\t\t\t<section class=\"elementor-section elementor-top-section elementor-element elementor-element-a12030c elementor-section-boxed elementor-section-height-default elementor-section-height-default\" data-id=\"a12030c\" data-element_type=\"section\">\n\t\t\t\t\t\t<div class=\"elementor-container elementor-column-gap-default\">\n\t\t\t\t\t<div class=\"elementor-column elementor-col-100 elementor-top-column elementor-element elementor-element-c67f16e\" data-id=\"c67f16e\" data-element_type=\"column\">\n\t\t\t<div class=\"elementor-widget-wrap elementor-element-populated\">\n\t\t\t\t\t\t<div class=\"elementor-element elementor-element-f7f65d6 elementor-widget elementor-widget-text-editor\" data-id=\"f7f65d6\" data-element_type=\"widget\" data-widget_type=\"text-editor.default\">\n\t\t\t\t<div class=\"elementor-widget-container\">\n\t\t\t\t\t\t\t<h1><span style=\"text-decoration: underline; color: #ffffff;\"><strong>Odwiedziny duszpasterskie 2025\/2026r.<\/strong><\/span><\/h1>\n<h2><span style=\"color: #ffffff;\">28.12. \u2013 niedziela ul. Michalskiego 25 \u2013 37 godz. 13:30<\/span><\/h2>\n<h2><span style=\"color: #ffffff;\">29.12. \u2013 poniedzia\u0142ek ul. Michalskiego 1 \u2013 23a godz. 14:00<\/span><\/h2>\n<h2><span style=\"color: #ffffff;\">02.01. \u2013 pi\u0105tek ul. Michalskiego 10 \u2013 34 godz. 14.00<\/span><\/h2>\n<h2><span style=\"color: #ffffff;\">03.01. \u2013 sobota ul. Michalskiego 36a \u2013 <strong>54a<\/strong> godz. 10:30<\/span><\/h2>\n<h2><span style=\"color: #ffffff;\">04.01. \u2013 niedziela ul. Szkolna godz. 13:30<\/span><\/h2>\n<h2><span style=\"color: #ffffff;\">05.01. \u2013 poniedzia\u0142ek ul. Michalskiego 58 \u2013 72 godz. 14:00<\/span><\/h2>\n<h2><span style=\"color: #ffffff;\">07.01. \u2013 \u015broda ul. Bojowa 1-12 (bez dr\u00f3g bocznych) godz. 14:00<\/span><\/h2>\n<h2><span style=\"color: #ffffff;\">08.01. \u2013 czwartek ul. Bojowa 15a \u2013 17a godz. 14:00<\/span><\/h2>\n<h2><span style=\"color: #ffffff;\">10.01. \u2013 sobota ul. Bojowa 19-30 (bez drogi bocznej) godz. 10:30<\/span><\/h2>\n<h2><span style=\"color: #ffffff;\">11.01. \u2013 niedziela ul. Bojowa 10a, 10b, 10c, 12c, 12b, godz. 13:30<\/span><\/h2>\n<h2><span style=\"color: #ffffff;\">14a, 12a, 14, 16, 17, 18<\/span><\/h2>\n<h2><span style=\"color: #ffffff;\">13.01. \u2013 wtorek ul. Bojowa 25a do ko\u0144ca godz. 14:00<\/span><\/h2>\t\t\t\t\t\t<\/div>\n\t\t\t\t<\/div>\n\t\t\t\t\t<\/div>\n\t\t<\/div>\n\t\t\t\t\t<\/div>\n\t\t<\/section>\n\t\t\t\t<section class=\"elementor-section elementor-top-section elementor-element elementor-element-bebe4c0 elementor-section-boxed elementor-section-height-default elementor-section-height-default\" data-id=\"bebe4c0\" data-element_type=\"section\">\n\t\t\t\t\t\t<div class=\"elementor-container elementor-column-gap-default\">\n\t\t\t\t\t<div class=\"elementor-column elementor-col-100 elementor-top-column elementor-element elementor-element-63979c6\" data-id=\"63979c6\" data-element_type=\"column\">\n\t\t\t<div class=\"elementor-widget-wrap elementor-element-populated\">\n\t\t\t\t\t\t<div class=\"elementor-element elementor-element-f5d71f1 elementor-widget elementor-widget-text-editor\" data-id=\"f5d71f1\" data-element_type=\"widget\" data-widget_type=\"text-editor.default\">\n\t\t\t\t<div class=\"elementor-widget-container\">\n\t\t\t\t\t\t\t<h1><span style=\"text-decoration: underline; color: #ffffff;\"><strong><span>Msze \u015awi\u0119te kol\u0119dowe w intencji Parafian w 2025\/2026r.<\/span><\/strong><\/span><\/h1>\n<h2><span style=\"color: #ffffff;\">28.12.2025r. \u2013 niedziela ul. Powsta\u0144c\u00f3w (numery parzyste) godz. 10:00<\/span><\/h2>\n<h2><span style=\"color: #ffffff;\">28.12.2025r. \u2013 niedziela ul. Powsta\u0144c\u00f3w (numery nieparzyste) godz. 16:00<\/span><\/h2>\n<h2><span style=\"color: #ffffff;\">01.01.2026r. \u2013 czwartek ul. Zwyci\u0119stwa godz. 10:00<\/span><\/h2>\n<h2><span style=\"color: #ffffff;\">04.01.2026r. \u2013 niedziela ul. Jordana i Sadowa godz. 10:00<\/span><\/h2>\n<h2><span style=\"color: #ffffff;\">04.01.2026r. \u2013 niedziela ul. Kr\u00f3tka, Stawowa, Ko\u015bcielna godz. 16:00<\/span><\/h2>\n<h2><span style=\"color: #ffffff;\">06.01.2026r. \u2013 wtorek ul. Rybnicka (numery parzyste) godz. 10:00<\/span><\/h2>\n<h2><span style=\"color: #ffffff;\">11.01.2026r. \u2013 niedziela ul. Rybnicka (numery nieparzyste) godz. 10:00<\/span><\/h2>\t\t\t\t\t\t<\/div>\n\t\t\t\t<\/div>\n\t\t\t\t\t<\/div>\n\t\t<\/div>\n\t\t\t\t\t<\/div>\n\t\t<\/section>\n\t\t\t\t<\/div>\n\t\t","protected":false},"excerpt":{"rendered":"<p>W tym roku w okresie Narodzenia Pa\u0144skiego 2025\/2026 odb\u0119d\u0105 si\u0119 odwiedziny kol\u0119dowe w tradycyjnej formie dla cz\u0119\u015bci naszej parafii.Parafian, kt\u00f3rych w tym roku nie odwiedzimy serdecznie zapraszamy na uroczyste Msze \u015awi\u0119te Kol\u0119dowe Odwiedziny duszpasterskie 2025\/2026r. 28.12. \u2013 niedziela ul. Michalskiego 25 \u2013 37 godz. 13:30 29.12. \u2013 poniedzia\u0142ek ul. Michalskiego 1 \u2013 23a godz. 14:00 [&hellip;]<\/p>\n","protected":false},"author":1,"featured_media":0,"parent":0,"menu_order":0,"comment_status":"closed","ping_status":"closed","template":"","meta":{"site-sidebar-layout":"no-sidebar","site-content-layout":"page-builder","ast-site-content-layout":"full-width-container","site-content-style":"unboxed","site-sidebar-style":"unboxed","ast-global-header-display":"","ast-banner-title-visibility":"","ast-main-header-display":"","ast-hfb-above-header-display":"","ast-hfb-below-header-display":"","ast-hfb-mobile-header-display":"","site-post-title":"disabled","ast-breadcrumbs-content":"","ast-featured-img":"disabled","footer-sml-layout":"","theme-transparent-header-meta":"default","adv-header-id-meta":"","stick-header-meta":"","header-above-stick-meta":"","header-main-stick-meta":"","header-below-stick-meta":"","astra-migrate-meta-layouts":"set","ast-page-background-enabled":"default","ast-page-background-meta":{"desktop":{"background-color":"","background-image":"","background-repeat":"repeat","background-position":"center center","background-size":"auto","background-attachment":"scroll","background-type":"","background-media":"","overlay-type":"","overlay-color":"","overlay-opacity":"","overlay-gradient":""},"tablet":{"background-color":"","background-image":"","background-repeat":"repeat","background-position":"center center","background-size":"auto","background-attachment":"scroll","background-type":"","background-media":"","overlay-type":"","overlay-color":"","overlay-opacity":"","overlay-gradient":""},"mobile":{"background-color":"","background-image":"","background-repeat":"repeat","background-position":"center center","background-size":"auto","background-attachment":"scroll","background-type":"","background-media":"","overlay-type":"","overlay-color":"","overlay-opacity":"","overlay-gradient":""}},"ast-content-background-meta":{"desktop":{"background-color":"var(--ast-global-color-5)","background-image":"","background-repeat":"repeat","background-position":"center center","background-size":"auto","background-attachment":"scroll","background-type":"","background-media":"","overlay-type":"","overlay-color":"","overlay-opacity":"","overlay-gradient":""},"tablet":{"background-color":"var(--ast-global-color-5)","background-image":"","background-repeat":"repeat","background-position":"center center","background-size":"auto","background-attachment":"scroll","background-type":"","background-media":"","overlay-type":"","overlay-color":"","overlay-opacity":"","overlay-gradient":""},"mobile":{"background-color":"var(--ast-global-color-5)","background-image":"","background-repeat":"repeat","background-position":"center center","background-size":"auto","background-attachment":"scroll","background-type":"","background-media":"","overlay-type":"","overlay-color":"","overlay-opacity":"","overlay-gradient":""}},"footnotes":""},"class_list":["post-1957","page","type-page","status-publish","hentry"],"_links":{"self":[{"href":"https:\/\/parafiakrywald.pl\/index.php?rest_route=\/wp\/v2\/pages\/1957","targetHints":{"allow":["GET"]}}],"collection":[{"href":"https:\/\/parafiakrywald.pl\/index.php?rest_route=\/wp\/v2\/pages"}],"about":[{"href":"https:\/\/parafiakrywald.pl\/index.php?rest_route=\/wp\/v2\/types\/page"}],"author":[{"embeddable":true,"href":"https:\/\/parafiakrywald.pl\/index.php?rest_route=\/wp\/v2\/users\/1"}],"replies":[{"embeddable":true,"href":"https:\/\/parafiakrywald.pl\/index.php?rest_route=%2Fwp%2Fv2%2Fcomments&post=1957"}],"version-history":[{"count":24,"href":"https:\/\/parafiakrywald.pl\/index.php?rest_route=\/wp\/v2\/pages\/1957\/revisions"}],"predecessor-version":[{"id":3345,"href":"https:\/\/parafiakrywald.pl\/index.php?rest_route=\/wp\/v2\/pages\/1957\/revisions\/3345"}],"wp:attachment":[{"href":"https:\/\/parafiakrywald.pl\/index.php?rest_route=%2Fwp%2Fv2%2Fmedia&parent=1957"}],"curies":[{"name":"wp","href":"https:\/\/api.w.org\/{rel}","templated":true}]}}